{"id":2292,"date":"2026-02-11T20:18:08","date_gmt":"2026-02-11T19:18:08","guid":{"rendered":"https:\/\/das-muehlentor.com\/?post_type=eventkalender&#038;p=2292"},"modified":"2026-03-03T15:39:10","modified_gmt":"2026-03-03T14:39:10","slug":"europareise","status":"publish","type":"eventkalender","link":"https:\/\/das-muehlentor.com\/en\/eventkalender\/europareise\/","title":{"rendered":"Europareise"},"content":{"rendered":"\n<h2 class=\"wp-block-heading\">Ablauf &amp; Men\u00fc<\/h2>\n\n\n\n<p>Freuen Sie sich auf einen sommerlichen Nachmittag voller Geschmack, Gespr\u00e4che und kleiner Perspektivwechsel. Bei unserer <strong>Europareise<\/strong> genie\u00dfen Sie kulinarische Eindr\u00fccke aus <strong>4\u20135 L\u00e4ndern<\/strong> \u2013 entspannt, modern und mit ganz besonderem M\u00fchlentor-Flair.<\/p>\n\n\n\n<p>Der Start beginnt mit einem <strong>Sektempfang auf der Dachterrasse<\/strong> mit Blick \u00fcber die Stadt. Danach erwartet Sie ein <strong>Flying Buffet<\/strong>: Drei europ\u00e4ische Gerichte im Glas, inspiriert von verschiedenen L\u00e4ndern \u2013 locker serviert, abwechslungsreich und perfekt zum Genie\u00dfen in Bewegung.<\/p>\n\n\n\n<p>Im Anschluss wechseln wir ins <strong>M\u00fchlentor H\u00f6fchen<\/strong>, wo Sie ein <strong>2-G\u00e4nge-Men\u00fc<\/strong> (Hauptgang und Dessert) erwartet \u2013 begleitet von einer passenden Weinbegleitung. Die ausgew\u00e4hlten, spannenden Weine werden <strong>pers\u00f6nlich von der Winzerfamilie Marx aus Windesheim<\/strong> pr\u00e4sentiert. Jeder Wein ist sorgf\u00e4ltig auf den jeweiligen Gang abgestimmt \u2013 f\u00fcr ein rundes, harmonisches Genusserlebnis.<\/p>\n\n\n\n<p><strong>Bitte beachten:<\/strong> Der Preis versteht sich inkl. Sektempfang, Flying Buffet, Men\u00fc &amp; Weinbegleitung<\/p>\n\n\n\n<p>Ob als Auszeit zu zweit, mit Freunden oder einfach, weil Sie Lust auf etwas Besonderes haben: Die Europareise im M\u00fchlentor ist genau richtig f\u00fcr alle, die Genuss lieben \u2013 und den Alltag f\u00fcr ein paar Stunden hinter sich lassen m\u00f6chten.<\/p>\n\n\n\n<p><\/p>\n","protected":false},"excerpt":{"rendered":"<p>Ablauf &amp; Men\u00fc Freuen Sie sich auf einen sommerlichen Nachmittag voller Geschmack, Gespr\u00e4che und kleiner Perspektivwechsel. Bei unserer Europareise genie\u00dfen Sie kulinarische Eindr\u00fccke aus 4\u20135 L\u00e4ndern \u2013 entspannt, modern und mit ganz besonderem M\u00fchlentor-Flair. Der Start beginnt mit einem Sektempfang auf der Dachterrasse mit Blick \u00fcber die Stadt. Danach erwartet Sie ein Flying Buffet: Drei [&hellip;]<\/p>\n","protected":false},"author":1,"featured_media":738,"template":"","meta":{"eventbeschreibung":"<p><strong>Ein Nachmittag wie ein Kurzurlaub<\/strong><\/p>\n<p><span style=\"font-weight: 400\">Erleben Sie eine kulinarische Reise durch Europa \u2013 mit Blick \u00fcber die Stadt, spannenden Weinen und traditionellen Speisen aus verschiedenen L\u00e4ndern. Starten Sie entspannt mit einem Sektempfang auf der Dachterrasse, genie\u00dfen Sie anschlie\u00dfend f\u00fcnf europ\u00e4ische Gerichte im Glas als Flying Buffet und lassen Sie den Nachmittag mit 2\u20133 G\u00e4ngen im H\u00f6fchen ausklingen \u2013 begleitet von einer perfekt abgestimmten Weinbegleitung. Der bewusste Wechsel der Locations sorgt f\u00fcr Abwechslung, besondere Momente und echtes Urlaubsfeeling in k\u00fcrzester Zeit.<\/span><\/p>\n","startdatum":1780185600,"enddatum":0,"personenzahl":"60","uhrzeit_ende":"16:00","kooperationspartner":"Weingut Marx","link_kooperationspartner":"https:\/\/www.weingutmarx.com\/"},"class_list":["post-2292","eventkalender","type-eventkalender","status-publish","has-post-thumbnail","hentry"],"yoast_head":"<!-- This site is optimized with the Yoast SEO plugin v27.4 - https:\/\/yoast.com\/product\/yoast-seo-wordpress\/ -->\n<title>Europareise - Das M\u00fchlentor<\/title>\n<meta name=\"robots\" content=\"index, follow, max-snippet:-1, max-image-preview:large, max-video-preview:-1\" \/>\n<link rel=\"canonical\" href=\"https:\/\/das-muehlentor.com\/en\/eventkalender\/europareise\/\" \/>\n<meta property=\"og:locale\" content=\"en_US\" \/>\n<meta property=\"og:type\" content=\"article\" \/>\n<meta property=\"og:title\" content=\"Europareise - Das M\u00fchlentor\" \/>\n<meta property=\"og:description\" content=\"Ablauf &amp; Men\u00fc Freuen Sie sich auf einen sommerlichen Nachmittag voller Geschmack, Gespr\u00e4che und kleiner Perspektivwechsel. Bei unserer Europareise genie\u00dfen Sie kulinarische Eindr\u00fccke aus 4\u20135 L\u00e4ndern \u2013 entspannt, modern und mit ganz besonderem M\u00fchlentor-Flair. Der Start beginnt mit einem Sektempfang auf der Dachterrasse mit Blick \u00fcber die Stadt. Danach erwartet Sie ein Flying Buffet: Drei [&hellip;]\" \/>\n<meta property=\"og:url\" content=\"https:\/\/das-muehlentor.com\/en\/eventkalender\/europareise\/\" \/>\n<meta property=\"og:site_name\" content=\"Das M\u00fchlentor\" \/>\n<meta property=\"article:modified_time\" content=\"2026-03-03T14:39:10+00:00\" \/>\n<meta property=\"og:image\" content=\"https:\/\/das-muehlentor.com\/wp-content\/uploads\/2025\/12\/Das-Muehlentor-Hotel-Restaurant-Dachterrasse-2-scaled.jpg\" \/>\n\t<meta property=\"og:image:width\" content=\"2048\" \/>\n\t<meta property=\"og:image:height\" content=\"2560\" \/>\n\t<meta property=\"og:image:type\" content=\"image\/jpeg\" \/>\n<meta name=\"twitter:card\" content=\"summary_large_image\" \/>\n<meta name=\"twitter:label1\" content=\"Est. reading time\" \/>\n\t<meta name=\"twitter:data1\" content=\"2 minutes\" \/>\n<script type=\"application\/ld+json\" class=\"yoast-schema-graph\">{\"@context\":\"https:\\\/\\\/schema.org\",\"@graph\":[{\"@type\":\"WebPage\",\"@id\":\"https:\\\/\\\/das-muehlentor.com\\\/en\\\/eventkalender\\\/europareise\\\/\",\"url\":\"https:\\\/\\\/das-muehlentor.com\\\/en\\\/eventkalender\\\/europareise\\\/\",\"name\":\"Europareise - Das M\u00fchlentor\",\"isPartOf\":{\"@id\":\"https:\\\/\\\/das-muehlentor.com\\\/en\\\/#website\"},\"primaryImageOfPage\":{\"@id\":\"https:\\\/\\\/das-muehlentor.com\\\/en\\\/eventkalender\\\/europareise\\\/#primaryimage\"},\"image\":{\"@id\":\"https:\\\/\\\/das-muehlentor.com\\\/en\\\/eventkalender\\\/europareise\\\/#primaryimage\"},\"thumbnailUrl\":\"https:\\\/\\\/das-muehlentor.com\\\/wp-content\\\/uploads\\\/2025\\\/12\\\/Das-Muehlentor-Hotel-Restaurant-Dachterrasse-2-scaled.jpg\",\"datePublished\":\"2026-02-11T19:18:08+00:00\",\"dateModified\":\"2026-03-03T14:39:10+00:00\",\"breadcrumb\":{\"@id\":\"https:\\\/\\\/das-muehlentor.com\\\/en\\\/eventkalender\\\/europareise\\\/#breadcrumb\"},\"inLanguage\":\"en-US\",\"potentialAction\":[{\"@type\":\"ReadAction\",\"target\":[\"https:\\\/\\\/das-muehlentor.com\\\/en\\\/eventkalender\\\/europareise\\\/\"]}]},{\"@type\":\"ImageObject\",\"inLanguage\":\"en-US\",\"@id\":\"https:\\\/\\\/das-muehlentor.com\\\/en\\\/eventkalender\\\/europareise\\\/#primaryimage\",\"url\":\"https:\\\/\\\/das-muehlentor.com\\\/wp-content\\\/uploads\\\/2025\\\/12\\\/Das-Muehlentor-Hotel-Restaurant-Dachterrasse-2-scaled.jpg\",\"contentUrl\":\"https:\\\/\\\/das-muehlentor.com\\\/wp-content\\\/uploads\\\/2025\\\/12\\\/Das-Muehlentor-Hotel-Restaurant-Dachterrasse-2-scaled.jpg\",\"width\":2048,\"height\":2560},{\"@type\":\"BreadcrumbList\",\"@id\":\"https:\\\/\\\/das-muehlentor.com\\\/en\\\/eventkalender\\\/europareise\\\/#breadcrumb\",\"itemListElement\":[{\"@type\":\"ListItem\",\"position\":1,\"name\":\"Startseite\",\"item\":\"https:\\\/\\\/das-muehlentor.com\\\/en\\\/\"},{\"@type\":\"ListItem\",\"position\":2,\"name\":\"Eventkalender\",\"item\":\"https:\\\/\\\/das-muehlentor.com\\\/en\\\/eventkalender\\\/\"},{\"@type\":\"ListItem\",\"position\":3,\"name\":\"Europareise\"}]},{\"@type\":\"WebSite\",\"@id\":\"https:\\\/\\\/das-muehlentor.com\\\/en\\\/#website\",\"url\":\"https:\\\/\\\/das-muehlentor.com\\\/en\\\/\",\"name\":\"Das M\u00fchlentor\",\"description\":\"Das M\u00fchlentor | Hotel &amp; Restaurant Bad Kreuznach\",\"publisher\":{\"@id\":\"https:\\\/\\\/das-muehlentor.com\\\/en\\\/#organization\"},\"potentialAction\":[{\"@type\":\"SearchAction\",\"target\":{\"@type\":\"EntryPoint\",\"urlTemplate\":\"https:\\\/\\\/das-muehlentor.com\\\/en\\\/?s={search_term_string}\"},\"query-input\":{\"@type\":\"PropertyValueSpecification\",\"valueRequired\":true,\"valueName\":\"search_term_string\"}}],\"inLanguage\":\"en-US\"},{\"@type\":\"Organization\",\"@id\":\"https:\\\/\\\/das-muehlentor.com\\\/en\\\/#organization\",\"name\":\"Das M\u00fchlentor\",\"url\":\"https:\\\/\\\/das-muehlentor.com\\\/en\\\/\",\"logo\":{\"@type\":\"ImageObject\",\"inLanguage\":\"en-US\",\"@id\":\"https:\\\/\\\/das-muehlentor.com\\\/en\\\/#\\\/schema\\\/logo\\\/image\\\/\",\"url\":\"https:\\\/\\\/das-muehlentor.com\\\/wp-content\\\/uploads\\\/2025\\\/11\\\/Muehlentor-Logo-Suite-RGB-DIGITALFILES__Muehlentor-Sekundaerlogo-Cozy-Wool-dunkle-Hintergruende-scaled.png\",\"contentUrl\":\"https:\\\/\\\/das-muehlentor.com\\\/wp-content\\\/uploads\\\/2025\\\/11\\\/Muehlentor-Logo-Suite-RGB-DIGITALFILES__Muehlentor-Sekundaerlogo-Cozy-Wool-dunkle-Hintergruende-scaled.png\",\"width\":2560,\"height\":816,\"caption\":\"Das M\u00fchlentor\"},\"image\":{\"@id\":\"https:\\\/\\\/das-muehlentor.com\\\/en\\\/#\\\/schema\\\/logo\\\/image\\\/\"}}]}<\/script>\n<!-- \/ Yoast SEO plugin. -->","yoast_head_json":{"title":"Europareise - Das M\u00fchlentor","robots":{"index":"index","follow":"follow","max-snippet":"max-snippet:-1","max-image-preview":"max-image-preview:large","max-video-preview":"max-video-preview:-1"},"canonical":"https:\/\/das-muehlentor.com\/en\/eventkalender\/europareise\/","og_locale":"en_US","og_type":"article","og_title":"Europareise - Das M\u00fchlentor","og_description":"Ablauf &amp; Men\u00fc Freuen Sie sich auf einen sommerlichen Nachmittag voller Geschmack, Gespr\u00e4che und kleiner Perspektivwechsel. Bei unserer Europareise genie\u00dfen Sie kulinarische Eindr\u00fccke aus 4\u20135 L\u00e4ndern \u2013 entspannt, modern und mit ganz besonderem M\u00fchlentor-Flair. Der Start beginnt mit einem Sektempfang auf der Dachterrasse mit Blick \u00fcber die Stadt. Danach erwartet Sie ein Flying Buffet: Drei [&hellip;]","og_url":"https:\/\/das-muehlentor.com\/en\/eventkalender\/europareise\/","og_site_name":"Das M\u00fchlentor","article_modified_time":"2026-03-03T14:39:10+00:00","og_image":[{"width":2048,"height":2560,"url":"https:\/\/das-muehlentor.com\/wp-content\/uploads\/2025\/12\/Das-Muehlentor-Hotel-Restaurant-Dachterrasse-2-scaled.jpg","type":"image\/jpeg"}],"twitter_card":"summary_large_image","twitter_misc":{"Est. reading time":"2 minutes"},"schema":{"@context":"https:\/\/schema.org","@graph":[{"@type":"WebPage","@id":"https:\/\/das-muehlentor.com\/en\/eventkalender\/europareise\/","url":"https:\/\/das-muehlentor.com\/en\/eventkalender\/europareise\/","name":"Europareise - Das M\u00fchlentor","isPartOf":{"@id":"https:\/\/das-muehlentor.com\/en\/#website"},"primaryImageOfPage":{"@id":"https:\/\/das-muehlentor.com\/en\/eventkalender\/europareise\/#primaryimage"},"image":{"@id":"https:\/\/das-muehlentor.com\/en\/eventkalender\/europareise\/#primaryimage"},"thumbnailUrl":"https:\/\/das-muehlentor.com\/wp-content\/uploads\/2025\/12\/Das-Muehlentor-Hotel-Restaurant-Dachterrasse-2-scaled.jpg","datePublished":"2026-02-11T19:18:08+00:00","dateModified":"2026-03-03T14:39:10+00:00","breadcrumb":{"@id":"https:\/\/das-muehlentor.com\/en\/eventkalender\/europareise\/#breadcrumb"},"inLanguage":"en-US","potentialAction":[{"@type":"ReadAction","target":["https:\/\/das-muehlentor.com\/en\/eventkalender\/europareise\/"]}]},{"@type":"ImageObject","inLanguage":"en-US","@id":"https:\/\/das-muehlentor.com\/en\/eventkalender\/europareise\/#primaryimage","url":"https:\/\/das-muehlentor.com\/wp-content\/uploads\/2025\/12\/Das-Muehlentor-Hotel-Restaurant-Dachterrasse-2-scaled.jpg","contentUrl":"https:\/\/das-muehlentor.com\/wp-content\/uploads\/2025\/12\/Das-Muehlentor-Hotel-Restaurant-Dachterrasse-2-scaled.jpg","width":2048,"height":2560},{"@type":"BreadcrumbList","@id":"https:\/\/das-muehlentor.com\/en\/eventkalender\/europareise\/#breadcrumb","itemListElement":[{"@type":"ListItem","position":1,"name":"Startseite","item":"https:\/\/das-muehlentor.com\/en\/"},{"@type":"ListItem","position":2,"name":"Eventkalender","item":"https:\/\/das-muehlentor.com\/en\/eventkalender\/"},{"@type":"ListItem","position":3,"name":"Europareise"}]},{"@type":"WebSite","@id":"https:\/\/das-muehlentor.com\/en\/#website","url":"https:\/\/das-muehlentor.com\/en\/","name":"Das M\u00fchlentor","description":"Das M\u00fchlentor | Hotel &amp; Restaurant Bad Kreuznach","publisher":{"@id":"https:\/\/das-muehlentor.com\/en\/#organization"},"potentialAction":[{"@type":"SearchAction","target":{"@type":"EntryPoint","urlTemplate":"https:\/\/das-muehlentor.com\/en\/?s={search_term_string}"},"query-input":{"@type":"PropertyValueSpecification","valueRequired":true,"valueName":"search_term_string"}}],"inLanguage":"en-US"},{"@type":"Organization","@id":"https:\/\/das-muehlentor.com\/en\/#organization","name":"Das M\u00fchlentor","url":"https:\/\/das-muehlentor.com\/en\/","logo":{"@type":"ImageObject","inLanguage":"en-US","@id":"https:\/\/das-muehlentor.com\/en\/#\/schema\/logo\/image\/","url":"https:\/\/das-muehlentor.com\/wp-content\/uploads\/2025\/11\/Muehlentor-Logo-Suite-RGB-DIGITALFILES__Muehlentor-Sekundaerlogo-Cozy-Wool-dunkle-Hintergruende-scaled.png","contentUrl":"https:\/\/das-muehlentor.com\/wp-content\/uploads\/2025\/11\/Muehlentor-Logo-Suite-RGB-DIGITALFILES__Muehlentor-Sekundaerlogo-Cozy-Wool-dunkle-Hintergruende-scaled.png","width":2560,"height":816,"caption":"Das M\u00fchlentor"},"image":{"@id":"https:\/\/das-muehlentor.com\/en\/#\/schema\/logo\/image\/"}}]}},"_links":{"self":[{"href":"https:\/\/das-muehlentor.com\/en\/wp-json\/wp\/v2\/eventkalender\/2292","targetHints":{"allow":["GET"]}}],"collection":[{"href":"https:\/\/das-muehlentor.com\/en\/wp-json\/wp\/v2\/eventkalender"}],"about":[{"href":"https:\/\/das-muehlentor.com\/en\/wp-json\/wp\/v2\/types\/eventkalender"}],"author":[{"embeddable":true,"href":"https:\/\/das-muehlentor.com\/en\/wp-json\/wp\/v2\/users\/1"}],"wp:featuredmedia":[{"embeddable":true,"href":"https:\/\/das-muehlentor.com\/en\/wp-json\/wp\/v2\/media\/738"}],"wp:attachment":[{"href":"https:\/\/das-muehlentor.com\/en\/wp-json\/wp\/v2\/media?parent=2292"}],"curies":[{"name":"wp","href":"https:\/\/api.w.org\/{rel}","templated":true}]}}