{"id":2066,"date":"2026-02-11T20:20:11","date_gmt":"2026-02-11T19:20:11","guid":{"rendered":"https:\/\/das-muehlentor.com\/?post_type=eventkalender&#038;p=2066"},"modified":"2026-03-03T15:38:08","modified_gmt":"2026-03-03T14:38:08","slug":"spargelfest","status":"publish","type":"eventkalender","link":"https:\/\/das-muehlentor.com\/en\/eventkalender\/spargelfest\/","title":{"rendered":"Spargelfest"},"content":{"rendered":"\n<p><\/p>\n\n\n\n<h2 class=\"wp-block-heading\"><strong>DAS ERWARTET SIE<\/strong><\/h2>\n\n\n\n<p>Feiern Sie den Muttertag 2026 mit einem besonderen kulinarischen Erlebnis: Beim Spargelfest am Muttertag erwartet Sie ein klassisches 3-Gang-Spargelmen\u00fc in entspannter Atmosph\u00e4re.<\/p>\n\n\n\n<p>Das Spargelfest eignet sich ideal als Muttertagsgeschenk, f\u00fcr Familienfeiern oder einen genussvollen Sonntag zu zweit.<\/p>\n\n\n\n<p><\/p>\n\n\n\n<h2 class=\"wp-block-heading\"><strong>MEN\u00dc \u00a0 \u00a0 \u00a0 \u00a0 \u00a0 \u00a0 \u00a0 \u00a0 \u00a0 \u00a0 \u00a0 \u00a0 \u00a0 \u00a0 \u00a0 \u00a0 \u00a0 \u00a0 \u00a0 \u00a0 \u00a0 \u00a0 \u00a0 \u00a0 \u00a0 \u00a0 \u00a0 \u00a0 \u00a0 \u00a0 \u00a0 \u00a0 \u00a0 \u00a0 \u00a0<\/strong><\/h2>\n\n\n\n<p>VORSPEISE<\/p>\n\n\n\n<p>cremige Spargelsuppe<\/p>\n\n\n\n<p>HAUPTGANG<\/p>\n\n\n\n<p>Frischer Stangenspargel mit Kartoffel<\/p>\n\n\n\n<p>wahlweise mit Butter oder Sauce Hollandaise und roher oder gekochter Schinken<\/p>\n\n\n\n<p>OPTIONALE EXTRAS (GEGEN AUFPREIS):<\/p>\n\n\n\n<ul class=\"wp-block-list\">\n<li>Lachs zzgl. 19 \u20ac<\/li>\n<\/ul>\n\n\n\n<ul class=\"wp-block-list\">\n<li>Kalbsschnitzel zzgl. 19 \u20ac<\/li>\n<\/ul>\n\n\n\n<p>DESSERT<\/p>\n\n\n\n<p>Erdbeere I Spargel I Rahm I Sorbet<\/p>\n\n\n\n<p><\/p>\n\n\n\n<h3 class=\"wp-block-heading\"><strong>Weinreise vom Weingut Marx (optional)<\/strong><\/h3>\n\n\n\n<p>Auf Wunsch begleiten ausgew\u00e4hlte Weine vom Weingut Marx jeden Gang des Men\u00fcs \u2013 perfekt abgestimmt und genussvoll pr\u00e4sentiert.<\/p>\n\n\n\n<h4 class=\"wp-block-heading\">Preise<\/h4>\n\n\n\n<ul class=\"wp-block-list\">\n<li>3-Gang-Men\u00fc ohne Weinreise: 49 \u20ac pro Person<\/li>\n\n\n\n<li>Weinreise vom Weingut Marx: zzgl. 15 \u20ac pro Person<\/li>\n<\/ul>\n\n\n\n<p>Spargelfest am Muttertag \u2013 Spargel &amp; Wein genie\u00dfen und zusammen sch\u00f6ne Momente erleben, gemeinsame Zeit verschenken \u2026.&nbsp;<\/p>\n\n\n\n<p>Wundersch\u00f6n dekorierter Innenhof mit saisonaler Tischdeko und gem\u00fctlicher Atmosph\u00e4re.<\/p>\n\n\n\n<p><\/p>\n","protected":false},"excerpt":{"rendered":"<p>DAS ERWARTET SIE Feiern Sie den Muttertag 2026 mit einem besonderen kulinarischen Erlebnis: Beim Spargelfest am Muttertag erwartet Sie ein klassisches 3-Gang-Spargelmen\u00fc in entspannter Atmosph\u00e4re. Das Spargelfest eignet sich ideal als Muttertagsgeschenk, f\u00fcr Familienfeiern oder einen genussvollen Sonntag zu zweit. MEN\u00dc \u00a0 \u00a0 \u00a0 \u00a0 \u00a0 \u00a0 \u00a0 \u00a0 \u00a0 \u00a0 \u00a0 \u00a0 \u00a0 \u00a0 [&hellip;]<\/p>\n","protected":false},"author":1,"featured_media":2148,"template":"","meta":{"eventbeschreibung":"<p><strong>Muttertag ist Genusszeit \u2013 und was passt besser als frischer Spargel und leckere Wein?<\/strong><\/p>\n<p><span style=\"font-weight: 400\">Feiern Sie diesen besonderen Sonntag mit einem liebevoll zusammengestellten 3-Gang-Spargelmen\u00fc, klassisch, saisonal und voller Geschmack. Freuen Sie sich auf einen entspannten Mittag in besonderer Atmosph\u00e4re \u2013 perfekt, um einfach mal Danke zu sagen.<\/span><\/p>\n","startdatum":1778371200,"enddatum":0,"personenzahl":"","uhrzeit_ende":"","kooperationspartner":"Weingut Marx","link_kooperationspartner":"https:\/\/www.weingutmarx.com\/"},"class_list":["post-2066","eventkalender","type-eventkalender","status-publish","has-post-thumbnail","hentry"],"yoast_head":"<!-- This site is optimized with the Yoast SEO plugin v27.4 - https:\/\/yoast.com\/product\/yoast-seo-wordpress\/ -->\n<title>Spargelfest - Das M\u00fchlentor<\/title>\n<meta name=\"robots\" content=\"index, follow, max-snippet:-1, max-image-preview:large, max-video-preview:-1\" \/>\n<link rel=\"canonical\" href=\"https:\/\/das-muehlentor.com\/en\/eventkalender\/spargelfest\/\" \/>\n<meta property=\"og:locale\" content=\"en_US\" \/>\n<meta property=\"og:type\" content=\"article\" \/>\n<meta property=\"og:title\" content=\"Spargelfest - Das M\u00fchlentor\" \/>\n<meta property=\"og:description\" content=\"DAS ERWARTET SIE Feiern Sie den Muttertag 2026 mit einem besonderen kulinarischen Erlebnis: Beim Spargelfest am Muttertag erwartet Sie ein klassisches 3-Gang-Spargelmen\u00fc in entspannter Atmosph\u00e4re. Das Spargelfest eignet sich ideal als Muttertagsgeschenk, f\u00fcr Familienfeiern oder einen genussvollen Sonntag zu zweit. MEN\u00dc \u00a0 \u00a0 \u00a0 \u00a0 \u00a0 \u00a0 \u00a0 \u00a0 \u00a0 \u00a0 \u00a0 \u00a0 \u00a0 \u00a0 [&hellip;]\" \/>\n<meta property=\"og:url\" content=\"https:\/\/das-muehlentor.com\/en\/eventkalender\/spargelfest\/\" \/>\n<meta property=\"og:site_name\" content=\"Das M\u00fchlentor\" \/>\n<meta property=\"article:modified_time\" content=\"2026-03-03T14:38:08+00:00\" \/>\n<meta property=\"og:image\" content=\"https:\/\/das-muehlentor.com\/wp-content\/uploads\/2026\/01\/Spargelessen-zum-Muttertag-Das-Muehlentor-Restaurant-Bad-Kreuznach-Event-Ticket.jpg\" \/>\n\t<meta property=\"og:image:width\" content=\"1080\" \/>\n\t<meta property=\"og:image:height\" content=\"1350\" \/>\n\t<meta property=\"og:image:type\" content=\"image\/jpeg\" \/>\n<meta name=\"twitter:card\" content=\"summary_large_image\" \/>\n<meta name=\"twitter:label1\" content=\"Est. reading time\" \/>\n\t<meta name=\"twitter:data1\" content=\"1 minute\" \/>\n<script type=\"application\/ld+json\" class=\"yoast-schema-graph\">{\"@context\":\"https:\\\/\\\/schema.org\",\"@graph\":[{\"@type\":\"WebPage\",\"@id\":\"https:\\\/\\\/das-muehlentor.com\\\/en\\\/eventkalender\\\/spargelfest\\\/\",\"url\":\"https:\\\/\\\/das-muehlentor.com\\\/en\\\/eventkalender\\\/spargelfest\\\/\",\"name\":\"Spargelfest - Das M\u00fchlentor\",\"isPartOf\":{\"@id\":\"https:\\\/\\\/das-muehlentor.com\\\/en\\\/#website\"},\"primaryImageOfPage\":{\"@id\":\"https:\\\/\\\/das-muehlentor.com\\\/en\\\/eventkalender\\\/spargelfest\\\/#primaryimage\"},\"image\":{\"@id\":\"https:\\\/\\\/das-muehlentor.com\\\/en\\\/eventkalender\\\/spargelfest\\\/#primaryimage\"},\"thumbnailUrl\":\"https:\\\/\\\/das-muehlentor.com\\\/wp-content\\\/uploads\\\/2026\\\/01\\\/Spargelessen-zum-Muttertag-Das-Muehlentor-Restaurant-Bad-Kreuznach-Event-Ticket.jpg\",\"datePublished\":\"2026-02-11T19:20:11+00:00\",\"dateModified\":\"2026-03-03T14:38:08+00:00\",\"breadcrumb\":{\"@id\":\"https:\\\/\\\/das-muehlentor.com\\\/en\\\/eventkalender\\\/spargelfest\\\/#breadcrumb\"},\"inLanguage\":\"en-US\",\"potentialAction\":[{\"@type\":\"ReadAction\",\"target\":[\"https:\\\/\\\/das-muehlentor.com\\\/en\\\/eventkalender\\\/spargelfest\\\/\"]}]},{\"@type\":\"ImageObject\",\"inLanguage\":\"en-US\",\"@id\":\"https:\\\/\\\/das-muehlentor.com\\\/en\\\/eventkalender\\\/spargelfest\\\/#primaryimage\",\"url\":\"https:\\\/\\\/das-muehlentor.com\\\/wp-content\\\/uploads\\\/2026\\\/01\\\/Spargelessen-zum-Muttertag-Das-Muehlentor-Restaurant-Bad-Kreuznach-Event-Ticket.jpg\",\"contentUrl\":\"https:\\\/\\\/das-muehlentor.com\\\/wp-content\\\/uploads\\\/2026\\\/01\\\/Spargelessen-zum-Muttertag-Das-Muehlentor-Restaurant-Bad-Kreuznach-Event-Ticket.jpg\",\"width\":1080,\"height\":1350,\"caption\":\"Spargelessen-zum-Muttertag-Das-Muehlentor-Restaurant-Bad-Kreuznach-weisser-Spargel-mit-Sauce-Hollandaise-rohem-Schinken-und-Kartoffeln-Weinbegleitung-Weingut-Marx\"},{\"@type\":\"BreadcrumbList\",\"@id\":\"https:\\\/\\\/das-muehlentor.com\\\/en\\\/eventkalender\\\/spargelfest\\\/#breadcrumb\",\"itemListElement\":[{\"@type\":\"ListItem\",\"position\":1,\"name\":\"Startseite\",\"item\":\"https:\\\/\\\/das-muehlentor.com\\\/en\\\/\"},{\"@type\":\"ListItem\",\"position\":2,\"name\":\"Eventkalender\",\"item\":\"https:\\\/\\\/das-muehlentor.com\\\/en\\\/eventkalender\\\/\"},{\"@type\":\"ListItem\",\"position\":3,\"name\":\"Spargelfest\"}]},{\"@type\":\"WebSite\",\"@id\":\"https:\\\/\\\/das-muehlentor.com\\\/en\\\/#website\",\"url\":\"https:\\\/\\\/das-muehlentor.com\\\/en\\\/\",\"name\":\"Das M\u00fchlentor\",\"description\":\"Das M\u00fchlentor | Hotel &amp; Restaurant Bad Kreuznach\",\"publisher\":{\"@id\":\"https:\\\/\\\/das-muehlentor.com\\\/en\\\/#organization\"},\"potentialAction\":[{\"@type\":\"SearchAction\",\"target\":{\"@type\":\"EntryPoint\",\"urlTemplate\":\"https:\\\/\\\/das-muehlentor.com\\\/en\\\/?s={search_term_string}\"},\"query-input\":{\"@type\":\"PropertyValueSpecification\",\"valueRequired\":true,\"valueName\":\"search_term_string\"}}],\"inLanguage\":\"en-US\"},{\"@type\":\"Organization\",\"@id\":\"https:\\\/\\\/das-muehlentor.com\\\/en\\\/#organization\",\"name\":\"Das M\u00fchlentor\",\"url\":\"https:\\\/\\\/das-muehlentor.com\\\/en\\\/\",\"logo\":{\"@type\":\"ImageObject\",\"inLanguage\":\"en-US\",\"@id\":\"https:\\\/\\\/das-muehlentor.com\\\/en\\\/#\\\/schema\\\/logo\\\/image\\\/\",\"url\":\"https:\\\/\\\/das-muehlentor.com\\\/wp-content\\\/uploads\\\/2025\\\/11\\\/Muehlentor-Logo-Suite-RGB-DIGITALFILES__Muehlentor-Sekundaerlogo-Cozy-Wool-dunkle-Hintergruende-scaled.png\",\"contentUrl\":\"https:\\\/\\\/das-muehlentor.com\\\/wp-content\\\/uploads\\\/2025\\\/11\\\/Muehlentor-Logo-Suite-RGB-DIGITALFILES__Muehlentor-Sekundaerlogo-Cozy-Wool-dunkle-Hintergruende-scaled.png\",\"width\":2560,\"height\":816,\"caption\":\"Das M\u00fchlentor\"},\"image\":{\"@id\":\"https:\\\/\\\/das-muehlentor.com\\\/en\\\/#\\\/schema\\\/logo\\\/image\\\/\"}}]}<\/script>\n<!-- \/ Yoast SEO plugin. -->","yoast_head_json":{"title":"Spargelfest - Das M\u00fchlentor","robots":{"index":"index","follow":"follow","max-snippet":"max-snippet:-1","max-image-preview":"max-image-preview:large","max-video-preview":"max-video-preview:-1"},"canonical":"https:\/\/das-muehlentor.com\/en\/eventkalender\/spargelfest\/","og_locale":"en_US","og_type":"article","og_title":"Spargelfest - Das M\u00fchlentor","og_description":"DAS ERWARTET SIE Feiern Sie den Muttertag 2026 mit einem besonderen kulinarischen Erlebnis: Beim Spargelfest am Muttertag erwartet Sie ein klassisches 3-Gang-Spargelmen\u00fc in entspannter Atmosph\u00e4re. Das Spargelfest eignet sich ideal als Muttertagsgeschenk, f\u00fcr Familienfeiern oder einen genussvollen Sonntag zu zweit. MEN\u00dc \u00a0 \u00a0 \u00a0 \u00a0 \u00a0 \u00a0 \u00a0 \u00a0 \u00a0 \u00a0 \u00a0 \u00a0 \u00a0 \u00a0 [&hellip;]","og_url":"https:\/\/das-muehlentor.com\/en\/eventkalender\/spargelfest\/","og_site_name":"Das M\u00fchlentor","article_modified_time":"2026-03-03T14:38:08+00:00","og_image":[{"width":1080,"height":1350,"url":"https:\/\/das-muehlentor.com\/wp-content\/uploads\/2026\/01\/Spargelessen-zum-Muttertag-Das-Muehlentor-Restaurant-Bad-Kreuznach-Event-Ticket.jpg","type":"image\/jpeg"}],"twitter_card":"summary_large_image","twitter_misc":{"Est. reading time":"1 minute"},"schema":{"@context":"https:\/\/schema.org","@graph":[{"@type":"WebPage","@id":"https:\/\/das-muehlentor.com\/en\/eventkalender\/spargelfest\/","url":"https:\/\/das-muehlentor.com\/en\/eventkalender\/spargelfest\/","name":"Spargelfest - Das M\u00fchlentor","isPartOf":{"@id":"https:\/\/das-muehlentor.com\/en\/#website"},"primaryImageOfPage":{"@id":"https:\/\/das-muehlentor.com\/en\/eventkalender\/spargelfest\/#primaryimage"},"image":{"@id":"https:\/\/das-muehlentor.com\/en\/eventkalender\/spargelfest\/#primaryimage"},"thumbnailUrl":"https:\/\/das-muehlentor.com\/wp-content\/uploads\/2026\/01\/Spargelessen-zum-Muttertag-Das-Muehlentor-Restaurant-Bad-Kreuznach-Event-Ticket.jpg","datePublished":"2026-02-11T19:20:11+00:00","dateModified":"2026-03-03T14:38:08+00:00","breadcrumb":{"@id":"https:\/\/das-muehlentor.com\/en\/eventkalender\/spargelfest\/#breadcrumb"},"inLanguage":"en-US","potentialAction":[{"@type":"ReadAction","target":["https:\/\/das-muehlentor.com\/en\/eventkalender\/spargelfest\/"]}]},{"@type":"ImageObject","inLanguage":"en-US","@id":"https:\/\/das-muehlentor.com\/en\/eventkalender\/spargelfest\/#primaryimage","url":"https:\/\/das-muehlentor.com\/wp-content\/uploads\/2026\/01\/Spargelessen-zum-Muttertag-Das-Muehlentor-Restaurant-Bad-Kreuznach-Event-Ticket.jpg","contentUrl":"https:\/\/das-muehlentor.com\/wp-content\/uploads\/2026\/01\/Spargelessen-zum-Muttertag-Das-Muehlentor-Restaurant-Bad-Kreuznach-Event-Ticket.jpg","width":1080,"height":1350,"caption":"Spargelessen-zum-Muttertag-Das-Muehlentor-Restaurant-Bad-Kreuznach-weisser-Spargel-mit-Sauce-Hollandaise-rohem-Schinken-und-Kartoffeln-Weinbegleitung-Weingut-Marx"},{"@type":"BreadcrumbList","@id":"https:\/\/das-muehlentor.com\/en\/eventkalender\/spargelfest\/#breadcrumb","itemListElement":[{"@type":"ListItem","position":1,"name":"Startseite","item":"https:\/\/das-muehlentor.com\/en\/"},{"@type":"ListItem","position":2,"name":"Eventkalender","item":"https:\/\/das-muehlentor.com\/en\/eventkalender\/"},{"@type":"ListItem","position":3,"name":"Spargelfest"}]},{"@type":"WebSite","@id":"https:\/\/das-muehlentor.com\/en\/#website","url":"https:\/\/das-muehlentor.com\/en\/","name":"Das M\u00fchlentor","description":"Das M\u00fchlentor | Hotel &amp; Restaurant Bad Kreuznach","publisher":{"@id":"https:\/\/das-muehlentor.com\/en\/#organization"},"potentialAction":[{"@type":"SearchAction","target":{"@type":"EntryPoint","urlTemplate":"https:\/\/das-muehlentor.com\/en\/?s={search_term_string}"},"query-input":{"@type":"PropertyValueSpecification","valueRequired":true,"valueName":"search_term_string"}}],"inLanguage":"en-US"},{"@type":"Organization","@id":"https:\/\/das-muehlentor.com\/en\/#organization","name":"Das M\u00fchlentor","url":"https:\/\/das-muehlentor.com\/en\/","logo":{"@type":"ImageObject","inLanguage":"en-US","@id":"https:\/\/das-muehlentor.com\/en\/#\/schema\/logo\/image\/","url":"https:\/\/das-muehlentor.com\/wp-content\/uploads\/2025\/11\/Muehlentor-Logo-Suite-RGB-DIGITALFILES__Muehlentor-Sekundaerlogo-Cozy-Wool-dunkle-Hintergruende-scaled.png","contentUrl":"https:\/\/das-muehlentor.com\/wp-content\/uploads\/2025\/11\/Muehlentor-Logo-Suite-RGB-DIGITALFILES__Muehlentor-Sekundaerlogo-Cozy-Wool-dunkle-Hintergruende-scaled.png","width":2560,"height":816,"caption":"Das M\u00fchlentor"},"image":{"@id":"https:\/\/das-muehlentor.com\/en\/#\/schema\/logo\/image\/"}}]}},"_links":{"self":[{"href":"https:\/\/das-muehlentor.com\/en\/wp-json\/wp\/v2\/eventkalender\/2066","targetHints":{"allow":["GET"]}}],"collection":[{"href":"https:\/\/das-muehlentor.com\/en\/wp-json\/wp\/v2\/eventkalender"}],"about":[{"href":"https:\/\/das-muehlentor.com\/en\/wp-json\/wp\/v2\/types\/eventkalender"}],"author":[{"embeddable":true,"href":"https:\/\/das-muehlentor.com\/en\/wp-json\/wp\/v2\/users\/1"}],"wp:featuredmedia":[{"embeddable":true,"href":"https:\/\/das-muehlentor.com\/en\/wp-json\/wp\/v2\/media\/2148"}],"wp:attachment":[{"href":"https:\/\/das-muehlentor.com\/en\/wp-json\/wp\/v2\/media?parent=2066"}],"curies":[{"name":"wp","href":"https:\/\/api.w.org\/{rel}","templated":true}]}}