{"version":"1.0","provider_name":"Das M\u00fchlentor","provider_url":"https:\/\/das-muehlentor.com\/en\/","author_name":"YHDesign","author_url":"https:\/\/das-muehlentor.com\/en\/author\/yhdesign\/","title":"Europareise - Das M\u00fchlentor","type":"rich","width":600,"height":338,"html":"<blockquote class=\"wp-embedded-content\" data-secret=\"HS5OBsIzLQ\"><a href=\"https:\/\/das-muehlentor.com\/en\/eventkalender\/europareise\/\">Europareise<\/a><\/blockquote><iframe sandbox=\"allow-scripts\" security=\"restricted\" src=\"https:\/\/das-muehlentor.com\/en\/eventkalender\/europareise\/embed\/#?secret=HS5OBsIzLQ\" width=\"600\" height=\"338\" title=\"&#8220;Europareise&#8221; &#8212; Das M\u00fchlentor\" data-secret=\"HS5OBsIzLQ\" frameborder=\"0\" marginwidth=\"0\" marginheight=\"0\" scrolling=\"no\" class=\"wp-embedded-content\"><\/iframe><script>\n\/*! This file is auto-generated *\/\n!function(d,l){\"use strict\";l.querySelector&&d.addEventListener&&\"undefined\"!=typeof URL&&(d.wp=d.wp||{},d.wp.receiveEmbedMessage||(d.wp.receiveEmbedMessage=function(e){var t=e.data;if((t||t.secret||t.message||t.value)&&!\/[^a-zA-Z0-9]\/.test(t.secret)){for(var s,r,n,a=l.querySelectorAll('iframe[data-secret=\"'+t.secret+'\"]'),o=l.querySelectorAll('blockquote[data-secret=\"'+t.secret+'\"]'),c=new RegExp(\"^https?:$\",\"i\"),i=0;i<o.length;i++)o[i].style.display=\"none\";for(i=0;i<a.length;i++)s=a[i],e.source===s.contentWindow&&(s.removeAttribute(\"style\"),\"height\"===t.message?(1e3<(r=parseInt(t.value,10))?r=1e3:~~r<200&&(r=200),s.height=r):\"link\"===t.message&&(r=new URL(s.getAttribute(\"src\")),n=new URL(t.value),c.test(n.protocol))&&n.host===r.host&&l.activeElement===s&&(d.top.location.href=t.value))}},d.addEventListener(\"message\",d.wp.receiveEmbedMessage,!1),l.addEventListener(\"DOMContentLoaded\",function(){for(var e,t,s=l.querySelectorAll(\"iframe.wp-embedded-content\"),r=0;r<s.length;r++)(t=(e=s[r]).getAttribute(\"data-secret\"))||(t=Math.random().toString(36).substring(2,12),e.src+=\"#?secret=\"+t,e.setAttribute(\"data-secret\",t)),e.contentWindow.postMessage({message:\"ready\",secret:t},\"*\")},!1)))}(window,document);\n\/\/# sourceURL=https:\/\/das-muehlentor.com\/wp-includes\/js\/wp-embed.min.js\n<\/script>\n","thumbnail_url":"https:\/\/das-muehlentor.com\/wp-content\/uploads\/2025\/12\/Das-Muehlentor-Hotel-Restaurant-Dachterrasse-2-scaled.jpg","thumbnail_width":2048,"thumbnail_height":2560,"description":"Ablauf &amp; Men\u00fc Freuen Sie sich auf einen sommerlichen Nachmittag voller Geschmack, Gespr\u00e4che und kleiner Perspektivwechsel. Bei unserer Europareise genie\u00dfen Sie kulinarische Eindr\u00fccke aus 4\u20135 L\u00e4ndern \u2013 entspannt, modern und mit ganz besonderem M\u00fchlentor-Flair. Der Start beginnt mit einem Sektempfang auf der Dachterrasse mit Blick \u00fcber die Stadt. Danach erwartet Sie ein Flying Buffet: Drei [&hellip;]"}